{"id":17453,"date":"2025-02-12T09:55:54","date_gmt":"2025-02-12T09:55:54","guid":{"rendered":"https:\/\/qreativ.se\/produkt\/mare-kruka-s-3-svart\/"},"modified":"2026-02-13T09:38:28","modified_gmt":"2026-02-13T09:38:28","slug":"mare-kruka-s-3-svart","status":"publish","type":"product","link":"https:\/\/qreativ.se\/dk\/produkt\/mare-kruka-s-3-svart\/","title":{"rendered":"Mare Kruka S\/3 Svart"},"content":{"rendered":"<h3 data-start=\"0\" data-end=\"76\"><strong data-start=\"4\" data-end=\"74\">Mare-serien \u2013 H\u00e5llbara och stilrena krukor i 100% \u00e5tervunnen plast<\/strong><\/h3>\n<p data-start=\"78\" data-end=\"362\">Ge dina v\u00e4xter en stilfull och milj\u00f6v\u00e4nlig plats med\u00a0<strong data-start=\"131\" data-end=\"146\">Mare-serien<\/strong>\u00a0\u2013 ett set om tre krukor tillverkade av\u00a0<strong data-start=\"186\" data-end=\"233\">100% \u00e5tervunnen plast, varav 10% fr\u00e5n havet<\/strong>. Med sin moderna\u00a0<strong data-start=\"251\" data-end=\"270\">r\u00e4fflade design<\/strong>\u00a0och mjuka former blir dessa krukor ett elegant inslag i b\u00e5de inomhus- och utomhusmilj\u00f6er.<\/p>\n<h3 data-start=\"364\" data-end=\"394\"><strong data-start=\"368\" data-end=\"392\">Tillg\u00e4ngliga f\u00e4rger:<\/strong><\/h3>\n<ul data-start=\"395\" data-end=\"617\">\n<li data-start=\"395\" data-end=\"473\"><strong data-start=\"397\" data-end=\"413\">Beigemelerad<\/strong>\u00a0\u2013 En varm och naturlig ton som sm\u00e4lter in i alla milj\u00f6er.<\/li>\n<li data-start=\"474\" data-end=\"544\"><strong data-start=\"476\" data-end=\"490\">Gr\u00e5melerad<\/strong>\u00a0\u2013 En tidl\u00f6s nyans f\u00f6r en stilren och modern k\u00e4nsla.<\/li>\n<li data-start=\"545\" data-end=\"617\"><strong data-start=\"547\" data-end=\"556\">Svart<\/strong>\u00a0\u2013 En djup och sofistikerad f\u00e4rg f\u00f6r en minimalistisk look.<\/li>\n<\/ul>\n<h3 data-start=\"619\" data-end=\"651\"><strong data-start=\"623\" data-end=\"649\">Egenskaper &amp; F\u00f6rdelar:<\/strong><\/h3>\n<ul data-start=\"652\" data-end=\"1064\">\n<li data-start=\"652\" data-end=\"756\">Tillverkade av\u00a0<strong data-start=\"669\" data-end=\"694\">100% \u00e5tervunnen plast<\/strong>, varav\u00a0<strong data-start=\"702\" data-end=\"727\">10% kommer fr\u00e5n havet<\/strong>, f\u00f6r ett mer h\u00e5llbart val.<\/li>\n<li data-start=\"757\" data-end=\"836\">S\u00e4ljs i\u00a0<strong data-start=\"767\" data-end=\"781\">set om tre<\/strong>\u00a0f\u00f6r enkel kombination av olika v\u00e4xter och storlekar.<\/li>\n<li data-start=\"837\" data-end=\"917\"><strong data-start=\"839\" data-end=\"855\">H\u00e5l i botten<\/strong>\u00a0f\u00f6r optimal dr\u00e4nering, vilket skapar en h\u00e4lsosam v\u00e4xtmilj\u00f6.<\/li>\n<li data-start=\"918\" data-end=\"994\"><strong data-start=\"920\" data-end=\"941\">L\u00e4tta men robusta<\/strong>\u00a0\u2013 Smidiga att flytta samtidigt som de t\u00e5l slitage.<\/li>\n<li data-start=\"995\" data-end=\"1064\"><strong data-start=\"997\" data-end=\"1016\">V\u00e4derbest\u00e4ndiga<\/strong>\u00a0\u2013 Perfekta f\u00f6r b\u00e5de inomhus- och utomhusbruk.<\/li>\n<\/ul>\n","protected":false},"excerpt":{"rendered":"<p>Mare-serien kombinerar\u00a0<strong data-start=\"1089\" data-end=\"1122\">stil, funktion och h\u00e5llbarhet<\/strong>, vilket g\u00f6r den till ett perfekt val f\u00f6r dig som vill inreda med omtanke om milj\u00f6n. Oavsett om du placerar dem p\u00e5 balkongen, i tr\u00e4dg\u00e5rden eller i vardagsrummet, blir dessa krukor ett vackert inslag i ditt hem.<\/p>\n","protected":false},"featured_media":17454,"comment_status":"open","ping_status":"closed","template":"","meta":{"_acf_changed":false,"inline_featured_image":false},"product_brand":[],"product_cat":[223,224,271,273],"product_tag":[],"class_list":{"0":"post-17453","1":"product","2":"type-product","3":"status-publish","4":"has-post-thumbnail","6":"product_cat-indretning-dekorationer","7":"product_cat-krukker-urner","8":"product_cat-udendors","9":"product_cat-udendorskrukker","11":"first","12":"instock","13":"taxable","14":"shipping-taxable","15":"purchasable","16":"product-type-simple"},"acf":[],"yoast_head":"<!-- This site is optimized with the Yoast SEO plugin v27.5 - https:\/\/yoast.com\/product\/yoast-seo-wordpress\/ -->\n<title>Mare Kruka S\/3 Svart - Qreativ<\/title>\n<meta name=\"robots\" content=\"index, follow, max-snippet:-1, max-image-preview:large, max-video-preview:-1\" \/>\n<link rel=\"canonical\" href=\"https:\/\/qreativ.se\/dk\/produkt\/mare-kruka-s-3-svart\/\" \/>\n<meta property=\"og:locale\" content=\"da_DK\" \/>\n<meta property=\"og:type\" content=\"article\" \/>\n<meta property=\"og:title\" content=\"Mare Kruka S\/3 Svart - Qreativ\" \/>\n<meta property=\"og:description\" content=\"Mare-serien kombinerar\u00a0stil, funktion och h\u00e5llbarhet, vilket g\u00f6r den till ett perfekt val f\u00f6r dig som vill inreda med omtanke om milj\u00f6n. Oavsett om du placerar dem p\u00e5 balkongen, i tr\u00e4dg\u00e5rden eller i vardagsrummet, blir dessa krukor ett vackert inslag i ditt hem.\" \/>\n<meta property=\"og:url\" content=\"https:\/\/qreativ.se\/dk\/produkt\/mare-kruka-s-3-svart\/\" \/>\n<meta property=\"og:site_name\" content=\"Qreativ\" \/>\n<meta property=\"article:modified_time\" content=\"2026-02-13T09:38:28+00:00\" \/>\n<meta property=\"og:image\" content=\"https:\/\/qreativ.se\/wp-content\/uploads\/2025\/02\/Detaljer-som-forenar-form-och-funktion-Gatsby-ar-inte-bara-vacker-att-se-pa-\u2013-den-ar-ocksa-genomtankt-in-i-minsta-detalj-Material-Glaserad-keramik-for-en-elegant-och-tidlos-look.-Lamphallare-E27-s-33-1.png\" \/>\n\t<meta property=\"og:image:width\" content=\"2000\" \/>\n\t<meta property=\"og:image:height\" content=\"2000\" \/>\n\t<meta property=\"og:image:type\" content=\"image\/png\" \/>\n<meta name=\"twitter:card\" content=\"summary_large_image\" \/>\n<meta name=\"twitter:label1\" content=\"Estimeret l\u00e6setid\" \/>\n\t<meta name=\"twitter:data1\" content=\"1 minut\" \/>\n<script type=\"application\/ld+json\" class=\"yoast-schema-graph\">{\"@context\":\"https:\\\/\\\/schema.org\",\"@graph\":[{\"@type\":\"WebPage\",\"@id\":\"https:\\\/\\\/qreativ.se\\\/dk\\\/produkt\\\/mare-kruka-s-3-svart\\\/\",\"url\":\"https:\\\/\\\/qreativ.se\\\/dk\\\/produkt\\\/mare-kruka-s-3-svart\\\/\",\"name\":\"Mare Kruka S\\\/3 Svart - Qreativ\",\"isPartOf\":{\"@id\":\"https:\\\/\\\/qreativ.se\\\/dk\\\/#website\"},\"primaryImageOfPage\":{\"@id\":\"https:\\\/\\\/qreativ.se\\\/dk\\\/produkt\\\/mare-kruka-s-3-svart\\\/#primaryimage\"},\"image\":{\"@id\":\"https:\\\/\\\/qreativ.se\\\/dk\\\/produkt\\\/mare-kruka-s-3-svart\\\/#primaryimage\"},\"thumbnailUrl\":\"https:\\\/\\\/qreativ.se\\\/wp-content\\\/uploads\\\/2025\\\/02\\\/Detaljer-som-forenar-form-och-funktion-Gatsby-ar-inte-bara-vacker-att-se-pa-\u2013-den-ar-ocksa-genomtankt-in-i-minsta-detalj-Material-Glaserad-keramik-for-en-elegant-och-tidlos-look.-Lamphallare-E27-s-33-1.png\",\"datePublished\":\"2025-02-12T09:55:54+00:00\",\"dateModified\":\"2026-02-13T09:38:28+00:00\",\"breadcrumb\":{\"@id\":\"https:\\\/\\\/qreativ.se\\\/dk\\\/produkt\\\/mare-kruka-s-3-svart\\\/#breadcrumb\"},\"inLanguage\":\"da-DK\",\"potentialAction\":[{\"@type\":\"ReadAction\",\"target\":[\"https:\\\/\\\/qreativ.se\\\/dk\\\/produkt\\\/mare-kruka-s-3-svart\\\/\"]}]},{\"@type\":\"ImageObject\",\"inLanguage\":\"da-DK\",\"@id\":\"https:\\\/\\\/qreativ.se\\\/dk\\\/produkt\\\/mare-kruka-s-3-svart\\\/#primaryimage\",\"url\":\"https:\\\/\\\/qreativ.se\\\/wp-content\\\/uploads\\\/2025\\\/02\\\/Detaljer-som-forenar-form-och-funktion-Gatsby-ar-inte-bara-vacker-att-se-pa-\u2013-den-ar-ocksa-genomtankt-in-i-minsta-detalj-Material-Glaserad-keramik-for-en-elegant-och-tidlos-look.-Lamphallare-E27-s-33-1.png\",\"contentUrl\":\"https:\\\/\\\/qreativ.se\\\/wp-content\\\/uploads\\\/2025\\\/02\\\/Detaljer-som-forenar-form-och-funktion-Gatsby-ar-inte-bara-vacker-att-se-pa-\u2013-den-ar-ocksa-genomtankt-in-i-minsta-detalj-Material-Glaserad-keramik-for-en-elegant-och-tidlos-look.-Lamphallare-E27-s-33-1.png\",\"width\":2000,\"height\":2000},{\"@type\":\"BreadcrumbList\",\"@id\":\"https:\\\/\\\/qreativ.se\\\/dk\\\/produkt\\\/mare-kruka-s-3-svart\\\/#breadcrumb\",\"itemListElement\":[{\"@type\":\"ListItem\",\"position\":1,\"name\":\"Home\",\"item\":\"https:\\\/\\\/qreativ.se\\\/dk\\\/hjem\\\/\"},{\"@type\":\"ListItem\",\"position\":2,\"name\":\"Webbshop\",\"item\":\"https:\\\/\\\/qreativ.se\\\/dk\\\/webbshop\\\/\"},{\"@type\":\"ListItem\",\"position\":3,\"name\":\"Mare Kruka S\\\/3 Svart\"}]},{\"@type\":\"WebSite\",\"@id\":\"https:\\\/\\\/qreativ.se\\\/dk\\\/#website\",\"url\":\"https:\\\/\\\/qreativ.se\\\/dk\\\/\",\"name\":\"Qreativ\",\"description\":\"\",\"alternateName\":\"qreativ.se\",\"potentialAction\":[{\"@type\":\"SearchAction\",\"target\":{\"@type\":\"EntryPoint\",\"urlTemplate\":\"https:\\\/\\\/qreativ.se\\\/dk\\\/?s={search_term_string}\"},\"query-input\":{\"@type\":\"PropertyValueSpecification\",\"valueRequired\":true,\"valueName\":\"search_term_string\"}}],\"inLanguage\":\"da-DK\"}]}<\/script>\n<!-- \/ Yoast SEO plugin. -->","yoast_head_json":{"title":"Mare Kruka S\/3 Svart - Qreativ","robots":{"index":"index","follow":"follow","max-snippet":"max-snippet:-1","max-image-preview":"max-image-preview:large","max-video-preview":"max-video-preview:-1"},"canonical":"https:\/\/qreativ.se\/dk\/produkt\/mare-kruka-s-3-svart\/","og_locale":"da_DK","og_type":"article","og_title":"Mare Kruka S\/3 Svart - Qreativ","og_description":"Mare-serien kombinerar\u00a0stil, funktion och h\u00e5llbarhet, vilket g\u00f6r den till ett perfekt val f\u00f6r dig som vill inreda med omtanke om milj\u00f6n. Oavsett om du placerar dem p\u00e5 balkongen, i tr\u00e4dg\u00e5rden eller i vardagsrummet, blir dessa krukor ett vackert inslag i ditt hem.","og_url":"https:\/\/qreativ.se\/dk\/produkt\/mare-kruka-s-3-svart\/","og_site_name":"Qreativ","article_modified_time":"2026-02-13T09:38:28+00:00","og_image":[{"width":2000,"height":2000,"url":"https:\/\/qreativ.se\/wp-content\/uploads\/2025\/02\/Detaljer-som-forenar-form-och-funktion-Gatsby-ar-inte-bara-vacker-att-se-pa-\u2013-den-ar-ocksa-genomtankt-in-i-minsta-detalj-Material-Glaserad-keramik-for-en-elegant-och-tidlos-look.-Lamphallare-E27-s-33-1.png","type":"image\/png"}],"twitter_card":"summary_large_image","twitter_misc":{"Estimeret l\u00e6setid":"1 minut"},"schema":{"@context":"https:\/\/schema.org","@graph":[{"@type":"WebPage","@id":"https:\/\/qreativ.se\/dk\/produkt\/mare-kruka-s-3-svart\/","url":"https:\/\/qreativ.se\/dk\/produkt\/mare-kruka-s-3-svart\/","name":"Mare Kruka S\/3 Svart - Qreativ","isPartOf":{"@id":"https:\/\/qreativ.se\/dk\/#website"},"primaryImageOfPage":{"@id":"https:\/\/qreativ.se\/dk\/produkt\/mare-kruka-s-3-svart\/#primaryimage"},"image":{"@id":"https:\/\/qreativ.se\/dk\/produkt\/mare-kruka-s-3-svart\/#primaryimage"},"thumbnailUrl":"https:\/\/qreativ.se\/wp-content\/uploads\/2025\/02\/Detaljer-som-forenar-form-och-funktion-Gatsby-ar-inte-bara-vacker-att-se-pa-\u2013-den-ar-ocksa-genomtankt-in-i-minsta-detalj-Material-Glaserad-keramik-for-en-elegant-och-tidlos-look.-Lamphallare-E27-s-33-1.png","datePublished":"2025-02-12T09:55:54+00:00","dateModified":"2026-02-13T09:38:28+00:00","breadcrumb":{"@id":"https:\/\/qreativ.se\/dk\/produkt\/mare-kruka-s-3-svart\/#breadcrumb"},"inLanguage":"da-DK","potentialAction":[{"@type":"ReadAction","target":["https:\/\/qreativ.se\/dk\/produkt\/mare-kruka-s-3-svart\/"]}]},{"@type":"ImageObject","inLanguage":"da-DK","@id":"https:\/\/qreativ.se\/dk\/produkt\/mare-kruka-s-3-svart\/#primaryimage","url":"https:\/\/qreativ.se\/wp-content\/uploads\/2025\/02\/Detaljer-som-forenar-form-och-funktion-Gatsby-ar-inte-bara-vacker-att-se-pa-\u2013-den-ar-ocksa-genomtankt-in-i-minsta-detalj-Material-Glaserad-keramik-for-en-elegant-och-tidlos-look.-Lamphallare-E27-s-33-1.png","contentUrl":"https:\/\/qreativ.se\/wp-content\/uploads\/2025\/02\/Detaljer-som-forenar-form-och-funktion-Gatsby-ar-inte-bara-vacker-att-se-pa-\u2013-den-ar-ocksa-genomtankt-in-i-minsta-detalj-Material-Glaserad-keramik-for-en-elegant-och-tidlos-look.-Lamphallare-E27-s-33-1.png","width":2000,"height":2000},{"@type":"BreadcrumbList","@id":"https:\/\/qreativ.se\/dk\/produkt\/mare-kruka-s-3-svart\/#breadcrumb","itemListElement":[{"@type":"ListItem","position":1,"name":"Home","item":"https:\/\/qreativ.se\/dk\/hjem\/"},{"@type":"ListItem","position":2,"name":"Webbshop","item":"https:\/\/qreativ.se\/dk\/webbshop\/"},{"@type":"ListItem","position":3,"name":"Mare Kruka S\/3 Svart"}]},{"@type":"WebSite","@id":"https:\/\/qreativ.se\/dk\/#website","url":"https:\/\/qreativ.se\/dk\/","name":"Qreativ","description":"","alternateName":"qreativ.se","potentialAction":[{"@type":"SearchAction","target":{"@type":"EntryPoint","urlTemplate":"https:\/\/qreativ.se\/dk\/?s={search_term_string}"},"query-input":{"@type":"PropertyValueSpecification","valueRequired":true,"valueName":"search_term_string"}}],"inLanguage":"da-DK"}]}},"_links":{"self":[{"href":"https:\/\/qreativ.se\/dk\/wp-json\/wp\/v2\/product\/17453","targetHints":{"allow":["GET"]}}],"collection":[{"href":"https:\/\/qreativ.se\/dk\/wp-json\/wp\/v2\/product"}],"about":[{"href":"https:\/\/qreativ.se\/dk\/wp-json\/wp\/v2\/types\/product"}],"replies":[{"embeddable":true,"href":"https:\/\/qreativ.se\/dk\/wp-json\/wp\/v2\/comments?post=17453"}],"wp:featuredmedia":[{"embeddable":true,"href":"https:\/\/qreativ.se\/dk\/wp-json\/wp\/v2\/media\/17454"}],"wp:attachment":[{"href":"https:\/\/qreativ.se\/dk\/wp-json\/wp\/v2\/media?parent=17453"}],"wp:term":[{"taxonomy":"product_brand","embeddable":true,"href":"https:\/\/qreativ.se\/dk\/wp-json\/wp\/v2\/product_brand?post=17453"},{"taxonomy":"product_cat","embeddable":true,"href":"https:\/\/qreativ.se\/dk\/wp-json\/wp\/v2\/product_cat?post=17453"},{"taxonomy":"product_tag","embeddable":true,"href":"https:\/\/qreativ.se\/dk\/wp-json\/wp\/v2\/product_tag?post=17453"}],"curies":[{"name":"wp","href":"https:\/\/api.w.org\/{rel}","templated":true}]}}