{"id":17511,"date":"2025-01-23T17:00:57","date_gmt":"2025-01-23T17:00:57","guid":{"rendered":"https:\/\/qreativ.se\/produkt\/agg-glas-sammet-pastellmix-9-pack\/"},"modified":"2026-04-07T19:47:53","modified_gmt":"2026-04-07T19:47:53","slug":"agg-glas-sammet-pastellmix-9-pack","status":"publish","type":"product","link":"https:\/\/qreativ.se\/dk\/produkt\/agg-glas-sammet-pastellmix-9-pack\/","title":{"rendered":"\u00c4gg glas sammet pastellmix 9-pack"},"content":{"rendered":"<p><strong>Glas\u00e4gg i sammet \u2013 Pastell<\/strong><\/p>\n<p>Ta din p\u00e5skdekoration till n\u00e4sta niv\u00e5 med dessa lyxiga glas\u00e4gg t\u00e4ckta i mjuk sammet. Perfekta f\u00f6r att h\u00e4nga i p\u00e5skris eller anv\u00e4nda som exklusiv v\u00e5rdekoration, dessa \u00e4gg finns i tv\u00e5 vackra f\u00e4rgteman: <strong>pastellmix<\/strong> och <strong>naturmix<\/strong>.<\/p>\n<p>Med sina eleganta matta ytor och dova toner som rosa, beige, gr\u00f6nt och vitt ger dessa \u00e4gg en sofistikerad och harmonisk k\u00e4nsla till varje inredning. De silverdetaljerade topparna och h\u00e5llbara h\u00e4ng\u00f6glorna s\u00e4kerst\u00e4ller att de b\u00e5de \u00e4r stilrena och enkla att anv\u00e4nda.<\/p>\n<p><strong>Egenskaper:<\/strong><\/p>\n<ul>\n<li><strong>Material:<\/strong> Glas t\u00e4ckt med sammetsyta<\/li>\n<li><strong>F\u00e4rgval:<\/strong> Pastellmix (mjuka pasteller) eller naturmix (jordn\u00e4ra nyanser)<\/li>\n<li><strong>Antal per f\u00f6rpackning:<\/strong> 9 st<\/li>\n<li><strong>Perfekt f\u00f6r:<\/strong> P\u00e5skris, bordsdekoration eller lyxig f\u00f6nsterdekor<\/li>\n<li><strong>Lyxig design:<\/strong> Kombinerar mjuk sammet med h\u00f6gkvalitativt glas<\/li>\n<\/ul>\n<p>Ge din p\u00e5skdekoration en modern och exklusiv k\u00e4nsla med dessa glas\u00e4gg. Perfekta f\u00f6r dig som \u00e4lskar stilrena detaljer och h\u00e5llbara dekorationer!<\/p>\n","protected":false},"excerpt":{"rendered":"<p>Ge din p\u00e5skdekoration en modern och exklusiv k\u00e4nsla med dessa glas\u00e4gg. Perfekta f\u00f6r dig som \u00e4lskar stilrena detaljer och h\u00e5llbara dekorationer!<\/p>\n","protected":false},"featured_media":17512,"comment_status":"open","ping_status":"closed","template":"","meta":{"_acf_changed":false,"inline_featured_image":false},"product_brand":[],"product_cat":[259,251],"product_tag":[],"class_list":{"0":"post-17511","1":"product","2":"type-product","3":"status-publish","4":"has-post-thumbnail","6":"product_cat-paske","7":"product_cat-saeson","9":"first","10":"outofstock","11":"taxable","12":"shipping-taxable","13":"purchasable","14":"product-type-simple"},"acf":[],"yoast_head":"<!-- This site is optimized with the Yoast SEO plugin v27.5 - https:\/\/yoast.com\/product\/yoast-seo-wordpress\/ -->\n<title>\u00c4gg glas sammet pastellmix 9-pack - Qreativ<\/title>\n<meta name=\"robots\" content=\"index, follow, max-snippet:-1, max-image-preview:large, max-video-preview:-1\" \/>\n<link rel=\"canonical\" href=\"https:\/\/qreativ.se\/dk\/produkt\/agg-glas-sammet-pastellmix-9-pack\/\" \/>\n<meta property=\"og:locale\" content=\"da_DK\" \/>\n<meta property=\"og:type\" content=\"article\" \/>\n<meta property=\"og:title\" content=\"\u00c4gg glas sammet pastellmix 9-pack - Qreativ\" \/>\n<meta property=\"og:description\" content=\"Ge din p\u00e5skdekoration en modern och exklusiv k\u00e4nsla med dessa glas\u00e4gg. Perfekta f\u00f6r dig som \u00e4lskar stilrena detaljer och h\u00e5llbara dekorationer!\" \/>\n<meta property=\"og:url\" content=\"https:\/\/qreativ.se\/dk\/produkt\/agg-glas-sammet-pastellmix-9-pack\/\" \/>\n<meta property=\"og:site_name\" content=\"Qreativ\" \/>\n<meta property=\"article:modified_time\" content=\"2026-04-07T19:47:53+00:00\" \/>\n<meta property=\"og:image\" content=\"https:\/\/qreativ.se\/wp-content\/uploads\/2025\/01\/Detaljer-som-forenar-form-och-funktion-Gatsby-ar-inte-bara-vacker-att-se-pa-\u2013-den-ar-ocksa-genomtankt-in-i-minsta-detalj-Material-Glaserad-keramik-for-en-elegant-och-tidlos-look.-Lamphallare-E27-s-22.png\" \/>\n\t<meta property=\"og:image:width\" content=\"1750\" \/>\n\t<meta property=\"og:image:height\" content=\"1750\" \/>\n\t<meta property=\"og:image:type\" content=\"image\/png\" \/>\n<meta name=\"twitter:card\" content=\"summary_large_image\" \/>\n<meta name=\"twitter:label1\" content=\"Estimeret l\u00e6setid\" \/>\n\t<meta name=\"twitter:data1\" content=\"1 minut\" \/>\n<script type=\"application\/ld+json\" class=\"yoast-schema-graph\">{\"@context\":\"https:\\\/\\\/schema.org\",\"@graph\":[{\"@type\":\"WebPage\",\"@id\":\"https:\\\/\\\/qreativ.se\\\/dk\\\/produkt\\\/agg-glas-sammet-pastellmix-9-pack\\\/\",\"url\":\"https:\\\/\\\/qreativ.se\\\/dk\\\/produkt\\\/agg-glas-sammet-pastellmix-9-pack\\\/\",\"name\":\"\u00c4gg glas sammet pastellmix 9-pack - Qreativ\",\"isPartOf\":{\"@id\":\"https:\\\/\\\/qreativ.se\\\/dk\\\/#website\"},\"primaryImageOfPage\":{\"@id\":\"https:\\\/\\\/qreativ.se\\\/dk\\\/produkt\\\/agg-glas-sammet-pastellmix-9-pack\\\/#primaryimage\"},\"image\":{\"@id\":\"https:\\\/\\\/qreativ.se\\\/dk\\\/produkt\\\/agg-glas-sammet-pastellmix-9-pack\\\/#primaryimage\"},\"thumbnailUrl\":\"https:\\\/\\\/qreativ.se\\\/wp-content\\\/uploads\\\/2025\\\/01\\\/Detaljer-som-forenar-form-och-funktion-Gatsby-ar-inte-bara-vacker-att-se-pa-\u2013-den-ar-ocksa-genomtankt-in-i-minsta-detalj-Material-Glaserad-keramik-for-en-elegant-och-tidlos-look.-Lamphallare-E27-s-22.png\",\"datePublished\":\"2025-01-23T17:00:57+00:00\",\"dateModified\":\"2026-04-07T19:47:53+00:00\",\"breadcrumb\":{\"@id\":\"https:\\\/\\\/qreativ.se\\\/dk\\\/produkt\\\/agg-glas-sammet-pastellmix-9-pack\\\/#breadcrumb\"},\"inLanguage\":\"da-DK\",\"potentialAction\":[{\"@type\":\"ReadAction\",\"target\":[\"https:\\\/\\\/qreativ.se\\\/dk\\\/produkt\\\/agg-glas-sammet-pastellmix-9-pack\\\/\"]}]},{\"@type\":\"ImageObject\",\"inLanguage\":\"da-DK\",\"@id\":\"https:\\\/\\\/qreativ.se\\\/dk\\\/produkt\\\/agg-glas-sammet-pastellmix-9-pack\\\/#primaryimage\",\"url\":\"https:\\\/\\\/qreativ.se\\\/wp-content\\\/uploads\\\/2025\\\/01\\\/Detaljer-som-forenar-form-och-funktion-Gatsby-ar-inte-bara-vacker-att-se-pa-\u2013-den-ar-ocksa-genomtankt-in-i-minsta-detalj-Material-Glaserad-keramik-for-en-elegant-och-tidlos-look.-Lamphallare-E27-s-22.png\",\"contentUrl\":\"https:\\\/\\\/qreativ.se\\\/wp-content\\\/uploads\\\/2025\\\/01\\\/Detaljer-som-forenar-form-och-funktion-Gatsby-ar-inte-bara-vacker-att-se-pa-\u2013-den-ar-ocksa-genomtankt-in-i-minsta-detalj-Material-Glaserad-keramik-for-en-elegant-och-tidlos-look.-Lamphallare-E27-s-22.png\",\"width\":1750,\"height\":1750},{\"@type\":\"BreadcrumbList\",\"@id\":\"https:\\\/\\\/qreativ.se\\\/dk\\\/produkt\\\/agg-glas-sammet-pastellmix-9-pack\\\/#breadcrumb\",\"itemListElement\":[{\"@type\":\"ListItem\",\"position\":1,\"name\":\"Home\",\"item\":\"https:\\\/\\\/qreativ.se\\\/dk\\\/hjem\\\/\"},{\"@type\":\"ListItem\",\"position\":2,\"name\":\"Webbshop\",\"item\":\"https:\\\/\\\/qreativ.se\\\/dk\\\/webbshop\\\/\"},{\"@type\":\"ListItem\",\"position\":3,\"name\":\"\u00c4gg glas sammet pastellmix 9-pack\"}]},{\"@type\":\"WebSite\",\"@id\":\"https:\\\/\\\/qreativ.se\\\/dk\\\/#website\",\"url\":\"https:\\\/\\\/qreativ.se\\\/dk\\\/\",\"name\":\"Qreativ\",\"description\":\"\",\"alternateName\":\"qreativ.se\",\"potentialAction\":[{\"@type\":\"SearchAction\",\"target\":{\"@type\":\"EntryPoint\",\"urlTemplate\":\"https:\\\/\\\/qreativ.se\\\/dk\\\/?s={search_term_string}\"},\"query-input\":{\"@type\":\"PropertyValueSpecification\",\"valueRequired\":true,\"valueName\":\"search_term_string\"}}],\"inLanguage\":\"da-DK\"}]}<\/script>\n<!-- \/ Yoast SEO plugin. -->","yoast_head_json":{"title":"\u00c4gg glas sammet pastellmix 9-pack - Qreativ","robots":{"index":"index","follow":"follow","max-snippet":"max-snippet:-1","max-image-preview":"max-image-preview:large","max-video-preview":"max-video-preview:-1"},"canonical":"https:\/\/qreativ.se\/dk\/produkt\/agg-glas-sammet-pastellmix-9-pack\/","og_locale":"da_DK","og_type":"article","og_title":"\u00c4gg glas sammet pastellmix 9-pack - Qreativ","og_description":"Ge din p\u00e5skdekoration en modern och exklusiv k\u00e4nsla med dessa glas\u00e4gg. Perfekta f\u00f6r dig som \u00e4lskar stilrena detaljer och h\u00e5llbara dekorationer!","og_url":"https:\/\/qreativ.se\/dk\/produkt\/agg-glas-sammet-pastellmix-9-pack\/","og_site_name":"Qreativ","article_modified_time":"2026-04-07T19:47:53+00:00","og_image":[{"width":1750,"height":1750,"url":"https:\/\/qreativ.se\/wp-content\/uploads\/2025\/01\/Detaljer-som-forenar-form-och-funktion-Gatsby-ar-inte-bara-vacker-att-se-pa-\u2013-den-ar-ocksa-genomtankt-in-i-minsta-detalj-Material-Glaserad-keramik-for-en-elegant-och-tidlos-look.-Lamphallare-E27-s-22.png","type":"image\/png"}],"twitter_card":"summary_large_image","twitter_misc":{"Estimeret l\u00e6setid":"1 minut"},"schema":{"@context":"https:\/\/schema.org","@graph":[{"@type":"WebPage","@id":"https:\/\/qreativ.se\/dk\/produkt\/agg-glas-sammet-pastellmix-9-pack\/","url":"https:\/\/qreativ.se\/dk\/produkt\/agg-glas-sammet-pastellmix-9-pack\/","name":"\u00c4gg glas sammet pastellmix 9-pack - Qreativ","isPartOf":{"@id":"https:\/\/qreativ.se\/dk\/#website"},"primaryImageOfPage":{"@id":"https:\/\/qreativ.se\/dk\/produkt\/agg-glas-sammet-pastellmix-9-pack\/#primaryimage"},"image":{"@id":"https:\/\/qreativ.se\/dk\/produkt\/agg-glas-sammet-pastellmix-9-pack\/#primaryimage"},"thumbnailUrl":"https:\/\/qreativ.se\/wp-content\/uploads\/2025\/01\/Detaljer-som-forenar-form-och-funktion-Gatsby-ar-inte-bara-vacker-att-se-pa-\u2013-den-ar-ocksa-genomtankt-in-i-minsta-detalj-Material-Glaserad-keramik-for-en-elegant-och-tidlos-look.-Lamphallare-E27-s-22.png","datePublished":"2025-01-23T17:00:57+00:00","dateModified":"2026-04-07T19:47:53+00:00","breadcrumb":{"@id":"https:\/\/qreativ.se\/dk\/produkt\/agg-glas-sammet-pastellmix-9-pack\/#breadcrumb"},"inLanguage":"da-DK","potentialAction":[{"@type":"ReadAction","target":["https:\/\/qreativ.se\/dk\/produkt\/agg-glas-sammet-pastellmix-9-pack\/"]}]},{"@type":"ImageObject","inLanguage":"da-DK","@id":"https:\/\/qreativ.se\/dk\/produkt\/agg-glas-sammet-pastellmix-9-pack\/#primaryimage","url":"https:\/\/qreativ.se\/wp-content\/uploads\/2025\/01\/Detaljer-som-forenar-form-och-funktion-Gatsby-ar-inte-bara-vacker-att-se-pa-\u2013-den-ar-ocksa-genomtankt-in-i-minsta-detalj-Material-Glaserad-keramik-for-en-elegant-och-tidlos-look.-Lamphallare-E27-s-22.png","contentUrl":"https:\/\/qreativ.se\/wp-content\/uploads\/2025\/01\/Detaljer-som-forenar-form-och-funktion-Gatsby-ar-inte-bara-vacker-att-se-pa-\u2013-den-ar-ocksa-genomtankt-in-i-minsta-detalj-Material-Glaserad-keramik-for-en-elegant-och-tidlos-look.-Lamphallare-E27-s-22.png","width":1750,"height":1750},{"@type":"BreadcrumbList","@id":"https:\/\/qreativ.se\/dk\/produkt\/agg-glas-sammet-pastellmix-9-pack\/#breadcrumb","itemListElement":[{"@type":"ListItem","position":1,"name":"Home","item":"https:\/\/qreativ.se\/dk\/hjem\/"},{"@type":"ListItem","position":2,"name":"Webbshop","item":"https:\/\/qreativ.se\/dk\/webbshop\/"},{"@type":"ListItem","position":3,"name":"\u00c4gg glas sammet pastellmix 9-pack"}]},{"@type":"WebSite","@id":"https:\/\/qreativ.se\/dk\/#website","url":"https:\/\/qreativ.se\/dk\/","name":"Qreativ","description":"","alternateName":"qreativ.se","potentialAction":[{"@type":"SearchAction","target":{"@type":"EntryPoint","urlTemplate":"https:\/\/qreativ.se\/dk\/?s={search_term_string}"},"query-input":{"@type":"PropertyValueSpecification","valueRequired":true,"valueName":"search_term_string"}}],"inLanguage":"da-DK"}]}},"_links":{"self":[{"href":"https:\/\/qreativ.se\/dk\/wp-json\/wp\/v2\/product\/17511","targetHints":{"allow":["GET"]}}],"collection":[{"href":"https:\/\/qreativ.se\/dk\/wp-json\/wp\/v2\/product"}],"about":[{"href":"https:\/\/qreativ.se\/dk\/wp-json\/wp\/v2\/types\/product"}],"replies":[{"embeddable":true,"href":"https:\/\/qreativ.se\/dk\/wp-json\/wp\/v2\/comments?post=17511"}],"wp:featuredmedia":[{"embeddable":true,"href":"https:\/\/qreativ.se\/dk\/wp-json\/wp\/v2\/media\/17512"}],"wp:attachment":[{"href":"https:\/\/qreativ.se\/dk\/wp-json\/wp\/v2\/media?parent=17511"}],"wp:term":[{"taxonomy":"product_brand","embeddable":true,"href":"https:\/\/qreativ.se\/dk\/wp-json\/wp\/v2\/product_brand?post=17511"},{"taxonomy":"product_cat","embeddable":true,"href":"https:\/\/qreativ.se\/dk\/wp-json\/wp\/v2\/product_cat?post=17511"},{"taxonomy":"product_tag","embeddable":true,"href":"https:\/\/qreativ.se\/dk\/wp-json\/wp\/v2\/product_tag?post=17511"}],"curies":[{"name":"wp","href":"https:\/\/api.w.org\/{rel}","templated":true}]}}